{"id":1334,"date":"2021-09-09T10:54:39","date_gmt":"2021-09-09T08:54:39","guid":{"rendered":"https:\/\/chateauderixensart.be\/?page_id=1334"},"modified":"2022-03-18T15:06:45","modified_gmt":"2022-03-18T14:06:45","slug":"noel-au-chateau-de-rixensart-2021","status":"publish","type":"page","link":"https:\/\/chateauderixensart.be\/nl\/noel-au-chateau-de-rixensart-2021\/","title":{"rendered":"No\u00ebl au Ch\u00e2teau de Rixensart 2021"},"content":{"rendered":"<p>[et_pb_section fb_built=\u00a0\u00bb1&Prime; fullwidth=\u00a0\u00bbon\u00a0\u00bb _builder_version=\u00a0\u00bb4.9.3&Prime; _module_preset=\u00a0\u00bbdefault\u00a0\u00bb global_colors_info=\u00a0\u00bb{}\u00a0\u00bb][et_pb_fullwidth_image src=\u00a0\u00bbhttp:\/\/chateauderixensart.be\/wp-content\/uploads\/2021\/11\/MdN-Rixensart-siteweb-cover.png\u00a0\u00bb title_text=\u00a0\u00bbMdN-Rixensart-siteweb-cover\u00a0\u00bb _builder_version=\u00a0\u00bb4.10.7&Prime; _module_preset=\u00a0\u00bbdefault\u00a0\u00bb global_colors_info=\u00a0\u00bb{}\u00a0\u00bb][\/et_pb_fullwidth_image][\/et_pb_section][et_pb_section fb_built=\u00a0\u00bb1&Prime; admin_label=\u00a0\u00bbClass Details Section\u00a0\u00bb _builder_version=\u00a0\u00bb4.10.7&Prime; background_color=\u00a0\u00bb#fefae0&Prime; custom_padding=\u00a0\u00bb90px||0px|||\u00a0\u00bb global_colors_info=\u00a0\u00bb{}\u00a0\u00bb][et_pb_row _builder_version=\u00a0\u00bb3.25&Prime; global_colors_info=\u00a0\u00bb{}\u00a0\u00bb][et_pb_column type=\u00a0\u00bb4_4&Prime; _builder_version=\u00a0\u00bb3.25&Prime; custom_padding=\u00a0\u00bb|||\u00a0\u00bb global_colors_info=\u00a0\u00bb{}\u00a0\u00bb custom_padding__hover=\u00a0\u00bb|||\u00a0\u00bb][et_pb_text _builder_version=\u00a0\u00bb4.10.7&Prime; _module_preset=\u00a0\u00bbdefault\u00a0\u00bb text_font=\u00a0\u00bbEB Garamond||||||||\u00a0\u00bb text_font_size=\u00a0\u00bb20px\u00a0\u00bb text_line_height=\u00a0\u00bb2em\u00a0\u00bb header_font=\u00a0\u00bbEB Garamond|700|||||||\u00a0\u00bb global_colors_info=\u00a0\u00bb{}\u00a0\u00bb]<\/p>\n<h1>Une ambiance unique pour tous les \u00e2ges\u00a0!<\/h1>\n<p>A l\u2019approche de l\u2019hiver, le ch\u00e2teau de Rixensart vous invite au c\u0153ur de son cadre intemporel \u00e0 vous plonger aux sources des No\u00ebls traditionnels. Il r\u00e9unira des artisans fiers de pr\u00e9senter leur production et des visiteurs heureux de s\u2019impr\u00e9gner de l\u2019atmosph\u00e8re de No\u00ebl.<\/p>\n<p><strong>Chaque semaine un th\u00e8me particulier\u00a0!<\/strong><\/p>\n<p>L\u2019originalit\u00e9 de ce march\u00e9 est le retour aux sources de No\u00ebl. Au rythme de l\u2019Avent, on f\u00eatera la visite de Saint-Nicolas, la f\u00eate de Sainte Lucie appel\u00e9e aussi la f\u00eate de la lumi\u00e8re, la Nativit\u00e9 avec l\u2019accueil et la distribution par les scouts de la Flamme de la Paix allum\u00e9e \u00e0 Bethl\u00e9em. Tout est con\u00e7u pour int\u00e9resser et ravir un large public.<\/p>\n<p>Du plus jeune au plus \u00e2g\u00e9, chacun profitera pleinement de cette atmosph\u00e8re chaleureuse et conviviale dans un cadre romantique.<\/p>\n<p>[\/et_pb_text][et_pb_image src=\u00a0\u00bbhttp:\/\/chateauderixensart.be\/wp-content\/uploads\/2021\/11\/ChateauRixensart-Noel-visuelInterieur-2-scaled.jpg\u00a0\u00bb title_text=\u00a0\u00bbChateauRixensart-Noel-visuelInterieur-2&Prime; align=\u00a0\u00bbcenter\u00a0\u00bb _builder_version=\u00a0\u00bb4.10.7&Prime; _module_preset=\u00a0\u00bbdefault\u00a0\u00bb width=\u00a0\u00bb67%\u00a0\u00bb global_colors_info=\u00a0\u00bb{}\u00a0\u00bb][\/et_pb_image][et_pb_text _builder_version=\u00a0\u00bb4.10.7&Prime; _module_preset=\u00a0\u00bbdefault\u00a0\u00bb text_font=\u00a0\u00bbEB Garamond||||||||\u00a0\u00bb text_font_size=\u00a0\u00bb20px\u00a0\u00bb text_line_height=\u00a0\u00bb2em\u00a0\u00bb header_font=\u00a0\u00bbEB Garamond|700|||||||\u00a0\u00bb locked=\u00a0\u00bboff\u00a0\u00bb global_colors_info=\u00a0\u00bb{}\u00a0\u00bb]<\/p>\n<h1 style=\"text-align: center;\">Programme de nos animations<\/h1>\n<p style=\"text-align: center;\">(restez inform\u00e9s, car ce programme s&rsquo;enrichira au fur et \u00e0 mesure !)<\/p>\n<ul><\/ul>\n<p>[\/et_pb_text][et_pb_divider _builder_version=\u00a0\u00bb4.10.7&Prime; _module_preset=\u00a0\u00bbdefault\u00a0\u00bb custom_margin=\u00a0\u00bb||0px||false|false\u00a0\u00bb global_colors_info=\u00a0\u00bb{}\u00a0\u00bb][\/et_pb_divider][et_pb_text _builder_version=\u00a0\u00bb4.10.7&Prime; _module_preset=\u00a0\u00bbdefault\u00a0\u00bb text_font=\u00a0\u00bbEB Garamond||||||||\u00a0\u00bb text_font_size=\u00a0\u00bb20px\u00a0\u00bb text_line_height=\u00a0\u00bb2em\u00a0\u00bb header_font=\u00a0\u00bbEB Garamond|700|||||||\u00a0\u00bb locked=\u00a0\u00bboff\u00a0\u00bb global_colors_info=\u00a0\u00bb{}\u00a0\u00bb]<\/p>\n<p><strong>\u00a0Jeudi 2 D\u00e9cembre (16h-22h)<\/strong><\/p>\n<ul>\n<li>18h30 \u2013 22h : Soir\u00e9e Ap\u00e9ro au Ch\u00e2teau<\/li>\n<\/ul>\n<p><strong>Vendredi 3 D\u00e9cembre (16h-22h)<\/strong><\/p>\n<ul>\n<li>18h \u2013 20h : Night Fever, \u00e9glise Sainte-Croix qui jouxte le ch\u00e2teau<\/li>\n<li>18h30 \u2013 22h : Soir\u00e9e Ap\u00e9ro au Ch\u00e2teau<\/li>\n<\/ul>\n<p><strong>Samedi 4 D\u00e9cembre (14h-22h)<\/strong><\/p>\n<ul>\n<li>14h30 \u2013 15h : Chorale<\/li>\n<li>15h30 \u2013 17h30\u00a0: Visite de Saint Nicolas<\/li>\n<li>15h30 \u2013 17h30 : Candido Capilla, fl\u00fbtiste mexicain\n<div class=\"et_pb_text_inner\">\n<div data-shortcode-id=\"1.0.0.5-1638360805888\" data-quickaccess-editable=\"yes\" class=\"et-fb-popover-tinymce\">\n<div class=\"mce-content-body\" contenteditable=\"true\" style=\"position: relative;\"><\/div>\n<\/div>\n<\/div>\n<div class=\"et-fb-mousetrap et-fb-mousetrap--module et-fb-mousetrap-move\" style=\"background: 0px center; pointer-events: none; top: -20px; bottom: -2px;\"><\/div>\n<\/li>\n<\/ul>\n<p><strong>Dimanche 5 D\u00e9cembre (14h-20h)<\/strong><\/p>\n<ul>\n<li>15h30 \u2013 17h30\u00a0: Visite de Saint Nicolas<\/li>\n<li>15h \u2013 17h30 : Le ventriloque Victor Vincci<\/li>\n<\/ul>\n<p>[\/et_pb_text][et_pb_divider _builder_version=\u00a0\u00bb4.10.7&Prime; _module_preset=\u00a0\u00bbdefault\u00a0\u00bb min_height=\u00a0\u00bb20.8px\u00a0\u00bb global_colors_info=\u00a0\u00bb{}\u00a0\u00bb][\/et_pb_divider][et_pb_text _builder_version=\u00a0\u00bb4.10.7&Prime; _module_preset=\u00a0\u00bbdefault\u00a0\u00bb text_font=\u00a0\u00bbEB Garamond||||||||\u00a0\u00bb text_font_size=\u00a0\u00bb20px\u00a0\u00bb text_line_height=\u00a0\u00bb2em\u00a0\u00bb header_font=\u00a0\u00bbEB Garamond|700|||||||\u00a0\u00bb locked=\u00a0\u00bboff\u00a0\u00bb global_colors_info=\u00a0\u00bb{}\u00a0\u00bb]<\/p>\n<p><strong>Jeudi 9 D\u00e9cembre (16h-22h)<\/strong><\/p>\n<ul>\n<li>18h30 \u2013 22h : Soir\u00e9e Ap\u00e9ro au Ch\u00e2teau &#8211; DJ Makii<\/li>\n<\/ul>\n<p><strong>Vendredi 10 D\u00e9cembre (16h-22h)<\/strong><\/p>\n<ul>\n<li>A partir de 16h &#8211; Atelier de c\u00e9ramique italienne pour les enfants <strong>(activit\u00e9 pour les enfants)<\/strong><\/li>\n<li>18h \u2013 20h : Night Fever, \u00e9glise Sainte-Croix qui jouxte le ch\u00e2teau<\/li>\n<li>18h \u2013 18h30 : Chorale de Dominique Lohisse (Acad\u00e9mie de Rixensart)<\/li>\n<li>18h30 \u2013 22h : Soir\u00e9e Ap\u00e9ro au Ch\u00e2teau &#8211; DJ Simon B<\/li>\n<\/ul>\n<p><strong>Samedi 11 D\u00e9cembre (14h-22h)<\/strong><\/p>\n<ul>\n<li>15h \u2013 15h45\u00a0 : Ch\u0153ur des Gens, dirig\u00e9e par M. Guesdin (Court-Saint-Etienne)<\/li>\n<li>15h30 \u2013 16h30 : La for\u00eat enchant\u00e9e des Jenlis Sister <strong>(spectacle pour les enfants \u00e0 l&rsquo;Orangerie)<\/strong><\/li>\n<li>17h \u2013 17h30 : Cort\u00e8ge de Sainte Lucie, ou f\u00eate de la lumi\u00e8re<\/li>\n<li>18h \u2013 18h30: Chorale de Dominique Lohisse (Acad\u00e9mie de Rixensart)<\/li>\n<li>19h \u2013 20h : R\u00e9cital de Piano de Justine de Wandeler (Acad\u00e9mie de Rixensart)<\/li>\n<li>20h \u2013 22h : Sebi Lee (jazz\/blues)<\/li>\n<\/ul>\n<p><strong>Dimanche 12 D\u00e9cembre (14h-20h)<\/strong><\/p>\n<ul>\n<li>15h \u2013 15h20 : Chorale de Boris Kondov (Acad\u00e9mie de Rixensart)<\/li>\n<li>17h \u2013 17h30 : Cort\u00e8ge de Sainte Lucie, ou f\u00eate de la lumi\u00e8re<\/li>\n<li>18h30 \u2013 19h30 : Concert du musicien mexicain Candido Capilla<\/li>\n<\/ul>\n<p>[\/et_pb_text][et_pb_divider _builder_version=\u00a0\u00bb4.10.7&Prime; _module_preset=\u00a0\u00bbdefault\u00a0\u00bb min_height=\u00a0\u00bb20.8px\u00a0\u00bb global_colors_info=\u00a0\u00bb{}\u00a0\u00bb][\/et_pb_divider][et_pb_text _builder_version=\u00a0\u00bb4.10.7&Prime; _module_preset=\u00a0\u00bbdefault\u00a0\u00bb text_font=\u00a0\u00bbEB Garamond||||||||\u00a0\u00bb text_font_size=\u00a0\u00bb20px\u00a0\u00bb text_line_height=\u00a0\u00bb2em\u00a0\u00bb header_font=\u00a0\u00bbEB Garamond|700|||||||\u00a0\u00bb locked=\u00a0\u00bboff\u00a0\u00bb global_colors_info=\u00a0\u00bb{}\u00a0\u00bb]<\/p>\n<p><strong>Jeudi 16 D\u00e9cembre (16h-22h)<\/strong><\/p>\n<ul>\n<li>16h \u2013 20h\u00a0: Concours de dessin de Saint Nicolas <strong>(activit\u00e9 pour les enfants)<\/strong><\/li>\n<li>18h30 \u2013 22h : Soir\u00e9e Ap\u00e9ro au Ch\u00e2teau<\/li>\n<li>20h \u2013 22h : Concert Sebi Lee (jazz\/blues)<\/li>\n<\/ul>\n<p><strong>Vendredi 17 D\u00e9cembre (16h-22h)<\/strong><\/p>\n<ul>\n<li>A partir de 16h : atelier de c\u00e9ramique italienne <strong>(activit\u00e9 pour les enfants)<\/strong><\/li>\n<li>18h \u2013 18h30 : Chorale de Dominique Lohisse (Acad\u00e9mie de Rixensart)<\/li>\n<li>18h \u2013 20h : Night Fever, \u00e9glise Sainte-Croix qui jouxte le ch\u00e2teau<\/li>\n<li>18h30 \u2013 22h : Soir\u00e9e Ap\u00e9ro au Ch\u00e2teau \u2013 Dj Simon Benali<\/li>\n<li>19h \u2013 20h : Atelier Th\u00e9\u00e2tre par la troupe de Felix Vanoorenberghe \u00e0 l&rsquo;Orangerie (Acad\u00e9mie de Rixensart)<\/li>\n<\/ul>\n<p><strong>Samedi 18 D\u00e9cembre (14h-22h)<\/strong><\/p>\n<ul>\n<li>15h \u2013 15h30 : Chorale le Chanteau, chefs de chorale Mme R\u00e9mi &amp; M. Favette (Ottignies)<\/li>\n<li>15h \u2013 16h : La for\u00eat enchant\u00e9e des Jenlis Sister<strong> (spectacle pour les enfants \u00e0 l&rsquo;Orangerie)<\/strong><\/li>\n<li>15h30 &#8211; 18h : Le ventriloque Victor Vincci <strong>(spectacle pour les enfants)<\/strong><\/li>\n<li>16h30 : Remise du prix de la Saint Nicolas <strong>(pour les enfants)<\/strong><\/li>\n<li>17h \u2013 17h30 : Chorale la Guitarelle, dirig\u00e9e par M. Li\u00e9geois (Rixensart)<\/li>\n<li>A la nuit tomb\u00e9e : Arriv\u00e9e de la Flamme de la Paix de Bethl\u00e9em apport\u00e9e par les scouts de Rixensart<\/li>\n<li><span style=\"font-size: 20px;\">18h \u2013 18h30 : Chorale de Dominique Lohisse (Acad\u00e9mie de Rixensart)<\/span><\/li>\n<li>19h \u2013 21h : Concert Sebi Lee (Jazz)<\/li>\n<li>19h30 : Concert de No\u00ebl des Jenlis Sister, \u00e9glise Sainte-Croix qui jouxte le ch\u00e2teau<\/li>\n<\/ul>\n<p><strong>Dimanche 19 D\u00e9cembre (14h-20h)<\/strong><\/p>\n<ul>\n<li>15h \u2013 16h : La for\u00eat enchant\u00e9e des Jenlis Sister\u00a0<strong>(spectacle pour les enfants \u00e0 l&rsquo;Orangerie)<\/strong><\/li>\n<li>16h00 \u2013 16h30 &amp; 17h \u2013 17h30 : Chants de No\u00ebl par les petits chanteurs de Belgique-Lessines, chef de ch\u0153ur M. Yannart &amp; Morrest<strong><\/strong><\/li>\n<li>16h30 \u2013 19h : Le ventriloque Victor Vincci <strong>(spectacle pour les enfants)<\/strong><\/li>\n<li>18h \u2013 19h : D\u00e9clamation par la troupe de Felix Vanoorenberghe \u00e0 l&rsquo;Orangerie (Acad\u00e9mie de Rixensart)<\/li>\n<\/ul>\n<p>Toute la journ\u00e9e :<\/p>\n<ul>\n<li>Farbication de papier artisanal par Marco Orlandi de Subiaco (Italie)<\/li>\n<li>Lumi\u00e8re de la Paix de B\u00eathl\u00e9em<\/li>\n<li>D\u00e9dicaces de Maryse Collignon et Val\u00e9riane Greban<\/li>\n<\/ul>\n<p>[\/et_pb_text][et_pb_divider _builder_version=\u00a0\u00bb4.10.7&Prime; _module_preset=\u00a0\u00bbdefault\u00a0\u00bb min_height=\u00a0\u00bb20.8px\u00a0\u00bb global_colors_info=\u00a0\u00bb{}\u00a0\u00bb][\/et_pb_divider][et_pb_text _builder_version=\u00a0\u00bb4.10.7&Prime; _module_preset=\u00a0\u00bbdefault\u00a0\u00bb text_font=\u00a0\u00bbEB Garamond||||||||\u00a0\u00bb text_font_size=\u00a0\u00bb20px\u00a0\u00bb text_line_height=\u00a0\u00bb2em\u00a0\u00bb header_font=\u00a0\u00bbEB Garamond|700|||||||\u00a0\u00bb locked=\u00a0\u00bboff\u00a0\u00bb global_colors_info=\u00a0\u00bb{}\u00a0\u00bb min_height=\u00a0\u00bb634px\u00a0\u00bb]<\/p>\n<p><strong>Lundi 20 D\u00e9cembre (16h-22h)<\/strong><\/p>\n<ul>\n<li>16h30 \u2013 19h : Le ventriloque Victor Vincci <strong>(spectacle pour les enfants)<\/strong><\/li>\n<li>18h30 \u2013 22h : Soir\u00e9e Ap\u00e9ro au Ch\u00e2teau<\/li>\n<\/ul>\n<p><strong>Mardi 21 D\u00e9cembre (16h-22h) <\/strong><\/p>\n<ul>\n<li>16h30 \u2013 19h : Le ventriloque Victor Vincci <strong>(spectacle pour les enfants)<\/strong><\/li>\n<li>17h \u2013 18h : La for\u00eat enchant\u00e9e des Jenlis Sister <strong>(spectacle pour les enfants \u00e0 l\u2019Orangerie)<\/strong><strong><\/strong><\/li>\n<li>18h30 \u2013 20h30 : Soir\u00e9e Ap\u00e9ro au Ch\u00e2teau &#8211; DJ Rhino<\/li>\n<li>20h30 \u2013 21h : Chorale la Guitarelle (Rixensart)<\/li>\n<\/ul>\n<p><strong>Mercredi 22 D\u00e9cembre (16h-22h)<\/strong><\/p>\n<ul>\n<li>18h \u2013 19h : La for\u00eat enchant\u00e9e des Jenlis Sister\u00a0<strong>(spectacle pour les enfants \u00e0 l\u2019Orangerie)<\/strong><\/li>\n<li>18h \u2013 18h30 : Ensemble de Violoncelles de Sylvie Mariage (Acad\u00e9mie de Rixensart)<\/li>\n<li>18h30 \u2013 20h00 : Megan Giart<strong><\/strong><\/li>\n<\/ul>\n<p><strong>Jeudi 23 D\u00e9cembre (16h-22h)<\/strong><\/p>\n<ul>\n<li>17h \u2013 18h : Concert Nh\u00e2n &amp; Lisette, duo de musiques traditionnelles<\/li>\n<li>18h \u2013 18h30 : Rassemblement autour de l\u2019arbre pour chanter No\u00ebl<\/li>\n<li>18h30 \u2013 19h30 : Maxime Mandrake<\/li>\n<li>19h30 \u2013 22h : DJ Charley<\/li>\n<\/ul>\n<p>[\/et_pb_text][et_pb_image src=\u00a0\u00bbhttp:\/\/chateauderixensart.be\/wp-content\/uploads\/2022\/03\/logo-bw.jpg\u00a0\u00bb title_text=\u00a0\u00bblogo bw\u00a0\u00bb url=\u00a0\u00bbhttps:\/\/www.brabantwallon.be\/bw\/\u00a0\u00bb _builder_version=\u00a0\u00bb4.14.7&Prime; _module_preset=\u00a0\u00bbdefault\u00a0\u00bb transform_scale=\u00a0\u00bb46%|46%\u00a0\u00bb global_colors_info=\u00a0\u00bb{}\u00a0\u00bb][\/et_pb_image][et_pb_button button_url=\u00a0\u00bbhttps:\/\/www.noelauchateau.be\u00a0\u00bb button_text=\u00a0\u00bbPlus d&rsquo;infos sur le site officiel %22No\u00ebl au ch\u00e2teau%22&Prime; button_alignment=\u00a0\u00bbcenter\u00a0\u00bb _builder_version=\u00a0\u00bb4.10.7&Prime; _module_preset=\u00a0\u00bbdefault\u00a0\u00bb custom_button=\u00a0\u00bbon\u00a0\u00bb button_text_size=\u00a0\u00bb25px\u00a0\u00bb button_text_color=\u00a0\u00bb#ffffff\u00a0\u00bb button_bg_color=\u00a0\u00bb#cc0036&Prime; button_border_width=\u00a0\u00bb3px\u00a0\u00bb button_font=\u00a0\u00bbEB Garamond||||||||\u00a0\u00bb global_colors_info=\u00a0\u00bb{}\u00a0\u00bb][\/et_pb_button][\/et_pb_column][\/et_pb_row][et_pb_row _builder_version=\u00a0\u00bb4.10.7&Prime; _module_preset=\u00a0\u00bbdefault\u00a0\u00bb background_color=\u00a0\u00bb#d4a373&Prime; width=\u00a0\u00bb100%\u00a0\u00bb max_width=\u00a0\u00bb2560px\u00a0\u00bb min_height=\u00a0\u00bb330.4px\u00a0\u00bb custom_padding=\u00a0\u00bb||0px|||\u00a0\u00bb locked=\u00a0\u00bboff\u00a0\u00bb global_colors_info=\u00a0\u00bb{}\u00a0\u00bb][et_pb_column type=\u00a0\u00bb4_4&Prime; _builder_version=\u00a0\u00bb4.9.3&Prime; _module_preset=\u00a0\u00bbdefault\u00a0\u00bb global_colors_info=\u00a0\u00bb{}\u00a0\u00bb][et_pb_divider color=\u00a0\u00bb#FFFFFF\u00a0\u00bb divider_weight=\u00a0\u00bb2px\u00a0\u00bb _builder_version=\u00a0\u00bb4.9.3&Prime; _module_preset=\u00a0\u00bbdefault\u00a0\u00bb width=\u00a0\u00bb51%\u00a0\u00bb module_alignment=\u00a0\u00bbcenter\u00a0\u00bb custom_margin=\u00a0\u00bb||1px|||\u00a0\u00bb global_colors_info=\u00a0\u00bb{}\u00a0\u00bb][\/et_pb_divider][et_pb_text _builder_version=\u00a0\u00bb4.9.3&Prime; _module_preset=\u00a0\u00bbdefault\u00a0\u00bb text_font=\u00a0\u00bbEB Garamond||||||||\u00a0\u00bb text_font_size=\u00a0\u00bb19px\u00a0\u00bb header_4_font=\u00a0\u00bbEB Garamond||||||||\u00a0\u00bb header_4_font_size=\u00a0\u00bb32px\u00a0\u00bb header_4_letter_spacing=\u00a0\u00bb1px\u00a0\u00bb text_orientation=\u00a0\u00bbcenter\u00a0\u00bb global_colors_info=\u00a0\u00bb{}\u00a0\u00bb]<\/p>\n<h4>Restons en contact<\/h4>\n<p>Abonnez-vous \u00e0 la Newsletter du Ch\u00e2teau de Rixensart pour rester inform\u00e9.e !<\/p>\n<p>[\/et_pb_text][et_pb_contact_form email=\u00a0\u00bbnewsletter@chateauderixensart.be\u00a0\u00bb custom_message=\u00a0\u00bbFormulaire inscription Newsletter.||et_pb_line_break_holder||Pr\u00e9nom de l&rsquo;exp\u00e9diteur : %%Prenom%%||et_pb_line_break_holder||Nom de l&rsquo;exp\u00e9diteur : %%Nom%%||et_pb_line_break_holder||Email de l&rsquo;exp\u00e9diteur : %%mail%%||et_pb_line_break_holder||\u00a0\u00bb success_message=\u00a0\u00bbMerci pour votre inscription ! Nous ne manquerons pas de vous tenir inform\u00e9.e de nos prochains \u00e9v\u00e9nements !\u00a0\u00bb submit_button_text=\u00a0\u00bbEnvoyer\u00a0\u00bb _builder_version=\u00a0\u00bb4.13.1&Prime; _module_preset=\u00a0\u00bbdefault\u00a0\u00bb _unique_id=\u00a0\u00bbc22bd0ad-707f-4823-9a21-9a93fcb68d88&Prime; title_font=\u00a0\u00bbEB Garamond||||||||\u00a0\u00bb form_field_font=\u00a0\u00bbEB Garamond||||||||\u00a0\u00bb form_field_font_size=\u00a0\u00bb20px\u00a0\u00bb custom_button=\u00a0\u00bbon\u00a0\u00bb button_text_color=\u00a0\u00bb#a0a88a\u00a0\u00bb button_bg_color=\u00a0\u00bb#fefae0&Prime; button_font=\u00a0\u00bbEB Garamond||||||||\u00a0\u00bb width=\u00a0\u00bb60.1%\u00a0\u00bb max_width=\u00a0\u00bb100%\u00a0\u00bb module_alignment=\u00a0\u00bbcenter\u00a0\u00bb custom_margin=\u00a0\u00bb-42px|170px|39px|-49px||\u00a0\u00bb custom_padding=\u00a0\u00bb16px|4px||0px||\u00a0\u00bb global_colors_info=\u00a0\u00bb{}\u00a0\u00bb][et_pb_contact_field field_id=\u00a0\u00bbNom\u00a0\u00bb field_title=\u00a0\u00bbNom\u00a0\u00bb _builder_version=\u00a0\u00bb4.9.3&Prime; form_field_background_color=\u00a0\u00bb#fefae0&Prime; custom_margin=\u00a0\u00bb||||false|false\u00a0\u00bb border_width_all=\u00a0\u00bb1px\u00a0\u00bb border_color_all=\u00a0\u00bb#e8e2cc\u00a0\u00bb global_colors_info=\u00a0\u00bb{}\u00a0\u00bb button_text_size__hover_enabled=\u00a0\u00bboff\u00a0\u00bb button_one_text_size__hover_enabled=\u00a0\u00bboff\u00a0\u00bb button_two_text_size__hover_enabled=\u00a0\u00bboff\u00a0\u00bb button_text_color__hover_enabled=\u00a0\u00bboff\u00a0\u00bb button_one_text_color__hover_enabled=\u00a0\u00bboff\u00a0\u00bb button_two_text_color__hover_enabled=\u00a0\u00bboff\u00a0\u00bb button_border_width__hover_enabled=\u00a0\u00bboff\u00a0\u00bb button_one_border_width__hover_enabled=\u00a0\u00bboff\u00a0\u00bb button_two_border_width__hover_enabled=\u00a0\u00bboff\u00a0\u00bb button_border_color__hover_enabled=\u00a0\u00bboff\u00a0\u00bb button_one_border_color__hover_enabled=\u00a0\u00bboff\u00a0\u00bb button_two_border_color__hover_enabled=\u00a0\u00bboff\u00a0\u00bb button_border_radius__hover_enabled=\u00a0\u00bboff\u00a0\u00bb button_one_border_radius__hover_enabled=\u00a0\u00bboff\u00a0\u00bb button_two_border_radius__hover_enabled=\u00a0\u00bboff\u00a0\u00bb button_letter_spacing__hover_enabled=\u00a0\u00bboff\u00a0\u00bb button_one_letter_spacing__hover_enabled=\u00a0\u00bboff\u00a0\u00bb button_two_letter_spacing__hover_enabled=\u00a0\u00bboff\u00a0\u00bb button_bg_color__hover_enabled=\u00a0\u00bboff\u00a0\u00bb button_one_bg_color__hover_enabled=\u00a0\u00bboff\u00a0\u00bb button_two_bg_color__hover_enabled=\u00a0\u00bboff\u00a0\u00bb][\/et_pb_contact_field][et_pb_contact_field field_id=\u00a0\u00bbPrenom\u00a0\u00bb field_title=\u00a0\u00bbPr\u00e9nom\u00a0\u00bb _builder_version=\u00a0\u00bb4.9.3&Prime; form_field_background_color=\u00a0\u00bb#fefae0&Prime; text_orientation=\u00a0\u00bbleft\u00a0\u00bb border_width_all=\u00a0\u00bb1px\u00a0\u00bb border_color_all=\u00a0\u00bb#e8e2cc\u00a0\u00bb global_colors_info=\u00a0\u00bb{}\u00a0\u00bb button_text_size__hover_enabled=\u00a0\u00bboff\u00a0\u00bb button_one_text_size__hover_enabled=\u00a0\u00bboff\u00a0\u00bb button_two_text_size__hover_enabled=\u00a0\u00bboff\u00a0\u00bb button_text_color__hover_enabled=\u00a0\u00bboff\u00a0\u00bb button_one_text_color__hover_enabled=\u00a0\u00bboff\u00a0\u00bb button_two_text_color__hover_enabled=\u00a0\u00bboff\u00a0\u00bb button_border_width__hover_enabled=\u00a0\u00bboff\u00a0\u00bb button_one_border_width__hover_enabled=\u00a0\u00bboff\u00a0\u00bb button_two_border_width__hover_enabled=\u00a0\u00bboff\u00a0\u00bb button_border_color__hover_enabled=\u00a0\u00bboff\u00a0\u00bb button_one_border_color__hover_enabled=\u00a0\u00bboff\u00a0\u00bb button_two_border_color__hover_enabled=\u00a0\u00bboff\u00a0\u00bb button_border_radius__hover_enabled=\u00a0\u00bboff\u00a0\u00bb button_one_border_radius__hover_enabled=\u00a0\u00bboff\u00a0\u00bb button_two_border_radius__hover_enabled=\u00a0\u00bboff\u00a0\u00bb button_letter_spacing__hover_enabled=\u00a0\u00bboff\u00a0\u00bb button_one_letter_spacing__hover_enabled=\u00a0\u00bboff\u00a0\u00bb button_two_letter_spacing__hover_enabled=\u00a0\u00bboff\u00a0\u00bb button_bg_color__hover_enabled=\u00a0\u00bboff\u00a0\u00bb button_one_bg_color__hover_enabled=\u00a0\u00bboff\u00a0\u00bb button_two_bg_color__hover_enabled=\u00a0\u00bboff\u00a0\u00bb][\/et_pb_contact_field][et_pb_contact_field field_id=\u00a0\u00bbEmail\u00a0\u00bb field_title=\u00a0\u00bbAdresse e-mail\u00a0\u00bb field_type=\u00a0\u00bbemail\u00a0\u00bb _builder_version=\u00a0\u00bb4.9.3&Prime; form_field_background_color=\u00a0\u00bb#fefae0&Prime; custom_margin=\u00a0\u00bb||||false|false\u00a0\u00bb custom_padding=\u00a0\u00bb20px||||false|false\u00a0\u00bb border_width_all=\u00a0\u00bb1px\u00a0\u00bb border_color_all=\u00a0\u00bb#e8e2cc\u00a0\u00bb global_colors_info=\u00a0\u00bb{}\u00a0\u00bb button_text_size__hover_enabled=\u00a0\u00bboff\u00a0\u00bb button_one_text_size__hover_enabled=\u00a0\u00bboff\u00a0\u00bb button_two_text_size__hover_enabled=\u00a0\u00bboff\u00a0\u00bb button_text_color__hover_enabled=\u00a0\u00bboff\u00a0\u00bb button_one_text_color__hover_enabled=\u00a0\u00bboff\u00a0\u00bb button_two_text_color__hover_enabled=\u00a0\u00bboff\u00a0\u00bb button_border_width__hover_enabled=\u00a0\u00bboff\u00a0\u00bb button_one_border_width__hover_enabled=\u00a0\u00bboff\u00a0\u00bb button_two_border_width__hover_enabled=\u00a0\u00bboff\u00a0\u00bb button_border_color__hover_enabled=\u00a0\u00bboff\u00a0\u00bb button_one_border_color__hover_enabled=\u00a0\u00bboff\u00a0\u00bb button_two_border_color__hover_enabled=\u00a0\u00bboff\u00a0\u00bb button_border_radius__hover_enabled=\u00a0\u00bboff\u00a0\u00bb button_one_border_radius__hover_enabled=\u00a0\u00bboff\u00a0\u00bb button_two_border_radius__hover_enabled=\u00a0\u00bboff\u00a0\u00bb button_letter_spacing__hover_enabled=\u00a0\u00bboff\u00a0\u00bb button_one_letter_spacing__hover_enabled=\u00a0\u00bboff\u00a0\u00bb button_two_letter_spacing__hover_enabled=\u00a0\u00bboff\u00a0\u00bb button_bg_color__hover_enabled=\u00a0\u00bboff\u00a0\u00bb button_one_bg_color__hover_enabled=\u00a0\u00bboff\u00a0\u00bb button_two_bg_color__hover_enabled=\u00a0\u00bboff\u00a0\u00bb][\/et_pb_contact_field][\/et_pb_contact_form][\/et_pb_column][\/et_pb_row][\/et_pb_section]<\/p>","protected":false},"excerpt":{"rendered":"<p>Une ambiance unique pour tous les \u00e2ges\u00a0! A l\u2019approche de l\u2019hiver, le ch\u00e2teau de Rixensart vous invite au c\u0153ur de son cadre intemporel \u00e0 vous plonger aux sources des No\u00ebls traditionnels. Il r\u00e9unira des artisans fiers de pr\u00e9senter leur production et des visiteurs heureux de s\u2019impr\u00e9gner de l\u2019atmosph\u00e8re de No\u00ebl. Chaque semaine un th\u00e8me particulier\u00a0! [&hellip;]<\/p>","protected":false},"author":1,"featured_media":0,"parent":0,"menu_order":0,"comment_status":"closed","ping_status":"closed","template":"","meta":{"_et_pb_use_builder":"on","_et_pb_old_content":"","_et_gb_content_width":"","footnotes":""},"class_list":["post-1334","page","type-page","status-publish","hentry"],"_links":{"self":[{"href":"https:\/\/chateauderixensart.be\/nl\/wp-json\/wp\/v2\/pages\/1334","targetHints":{"allow":["GET"]}}],"collection":[{"href":"https:\/\/chateauderixensart.be\/nl\/wp-json\/wp\/v2\/pages"}],"about":[{"href":"https:\/\/chateauderixensart.be\/nl\/wp-json\/wp\/v2\/types\/page"}],"author":[{"embeddable":true,"href":"https:\/\/chateauderixensart.be\/nl\/wp-json\/wp\/v2\/users\/1"}],"replies":[{"embeddable":true,"href":"https:\/\/chateauderixensart.be\/nl\/wp-json\/wp\/v2\/comments?post=1334"}],"version-history":[{"count":49,"href":"https:\/\/chateauderixensart.be\/nl\/wp-json\/wp\/v2\/pages\/1334\/revisions"}],"predecessor-version":[{"id":2007,"href":"https:\/\/chateauderixensart.be\/nl\/wp-json\/wp\/v2\/pages\/1334\/revisions\/2007"}],"wp:attachment":[{"href":"https:\/\/chateauderixensart.be\/nl\/wp-json\/wp\/v2\/media?parent=1334"}],"curies":[{"name":"wp","href":"https:\/\/api.w.org\/{rel}","templated":true}]}}