{"id":2349,"date":"2023-11-26T09:30:53","date_gmt":"2023-11-26T08:30:53","guid":{"rendered":"https:\/\/chateauderixensart.be\/?page_id=2349"},"modified":"2023-11-26T09:47:26","modified_gmt":"2023-11-26T08:47:26","slug":"saint-nicolas-au-chateau-de-rixensart-2023","status":"publish","type":"page","link":"https:\/\/chateauderixensart.be\/nl\/saint-nicolas-au-chateau-de-rixensart-2023\/","title":{"rendered":"Saint Nicolas au chateau de rixensart 2023"},"content":{"rendered":"<p>[et_pb_section fb_built=\u00a0\u00bb1&Prime; fullwidth=\u00a0\u00bbon\u00a0\u00bb _builder_version=\u00a0\u00bb4.16&Prime; _module_preset=\u00a0\u00bbdefault\u00a0\u00bb global_colors_info=\u00a0\u00bb{}\u00a0\u00bb][et_pb_fullwidth_image src=\u00a0\u00bbhttp:\/\/chateauderixensart.be\/wp-content\/uploads\/2023\/11\/saint-nicolas-2023-2-3-decembre.jpg\u00a0\u00bb title_text=\u00a0\u00bbsaint-nicolas-2023-2-&#038;-3-d\u00e9cembre\u00a0\u00bb _builder_version=\u00a0\u00bb4.22.2&Prime; _module_preset=\u00a0\u00bbdefault\u00a0\u00bb hover_enabled=\u00a0\u00bb0&Prime; global_colors_info=\u00a0\u00bb{}\u00a0\u00bb sticky_enabled=\u00a0\u00bb0&Prime;][\/et_pb_fullwidth_image][\/et_pb_section][et_pb_section fb_built=\u00a0\u00bb1&Prime; admin_label=\u00a0\u00bbClass Details Section\u00a0\u00bb _builder_version=\u00a0\u00bb4.16&Prime; background_color=\u00a0\u00bb#fefae0&Prime; custom_padding=\u00a0\u00bb90px||0px|||\u00a0\u00bb global_colors_info=\u00a0\u00bb{}\u00a0\u00bb][et_pb_row _builder_version=\u00a0\u00bb4.16&Prime; global_colors_info=\u00a0\u00bb{}\u00a0\u00bb][et_pb_column type=\u00a0\u00bb4_4&Prime; _builder_version=\u00a0\u00bb4.16&Prime; custom_padding=\u00a0\u00bb|||\u00a0\u00bb global_colors_info=\u00a0\u00bb{}\u00a0\u00bb custom_padding__hover=\u00a0\u00bb|||\u00a0\u00bb][et_pb_text _builder_version=\u00a0\u00bb4.22.2&Prime; _module_preset=\u00a0\u00bbdefault\u00a0\u00bb text_font=\u00a0\u00bbEB Garamond||||||||\u00a0\u00bb text_font_size=\u00a0\u00bb20px\u00a0\u00bb text_line_height=\u00a0\u00bb2em\u00a0\u00bb header_font=\u00a0\u00bbEB Garamond|700|||||||\u00a0\u00bb hover_enabled=\u00a0\u00bb0&Prime; global_colors_info=\u00a0\u00bb{}\u00a0\u00bb sticky_enabled=\u00a0\u00bb0&Prime;]<\/p>\n<h2><strong>Les samedi 2 et dimanche 3 d\u00e9cembre f\u00eatez la Saint-Nicolas au ch\u00e2teau de Rixensart !<\/strong><\/h2>\n<p><span>Ne ratez pas la pr\u00e9sence du Saint Patron des \u00e9coliers qui viendra accueillir les petits et les grands et recueillir leurs bonnes intentions: distribution de friandises \u00e0 la clef\u00a0!<\/span><\/p>\n<p><span><strong>Entr\u00e9e gratuite, tout le monde est bienvenu !<\/strong><br \/>Nous avons aussi la joie d&rsquo;accueillir :\u00a0\u00a0<\/span><\/p>\n<ul>\n<li><span>un <strong>concert de No\u00ebl des Jenlisisters<\/strong> &amp; leur merveilleux <strong>spectacle pour enfant \u00a0\u00ab\u00a0Dans la For\u00eat enchant\u00e9e\u00a0\u00bb<\/strong><\/span><\/li>\n<li><span>des<strong> contes de\u00a0No\u00ebl<\/strong> r\u00e9cit\u00e9s et jou\u00e9s<\/span><\/li>\n<li><span style=\"font-family: georgia, times, times new roman, serif;\"><span>les <strong>s\u0153urs\u00a0du monast\u00e8re des B\u00e9n\u00e9dictines de Rixensart<\/strong> qui nous proposeront leurs produits et d&rsquo;autres cadeaux de No\u00ebl !<\/span><\/span><\/li>\n<\/ul>\n<p><span>D\u00e9couvrez \u00e9galement notre nouveau restaurant insolite &amp; \u00e9ph\u00e9m\u00e8re du 1er d\u00e9cembre au 31 mars.\u00a0<\/span><\/p>\n<p><span>Plus d&rsquo;information ci-dessous :<\/span><\/p>\n<p>[\/et_pb_text][et_pb_text _builder_version=\u00a0\u00bb4.16&Prime; _module_preset=\u00a0\u00bbdefault\u00a0\u00bb text_font=\u00a0\u00bbEB Garamond||||||||\u00a0\u00bb text_font_size=\u00a0\u00bb20px\u00a0\u00bb text_line_height=\u00a0\u00bb2em\u00a0\u00bb header_font=\u00a0\u00bbEB Garamond|700|||||||\u00a0\u00bb locked=\u00a0\u00bboff\u00a0\u00bb global_colors_info=\u00a0\u00bb{}\u00a0\u00bb]<\/p>\n<h1 style=\"text-align: center;\">Programme de nos animations<\/h1>\n<ul><\/ul>\n<p>[\/et_pb_text][et_pb_divider _builder_version=\u00a0\u00bb4.22.2&Prime; _module_preset=\u00a0\u00bbdefault\u00a0\u00bb custom_margin=\u00a0\u00bb||0px||false|false\u00a0\u00bb hover_enabled=\u00a0\u00bb0&Prime; global_colors_info=\u00a0\u00bb{}\u00a0\u00bb color=\u00a0\u00bb#277013&Prime; sticky_enabled=\u00a0\u00bb0&Prime;][\/et_pb_divider][\/et_pb_column][\/et_pb_row][et_pb_row _builder_version=\u00a0\u00bb4.16&Prime; global_colors_info=\u00a0\u00bb{}\u00a0\u00bb][et_pb_column type=\u00a0\u00bb4_4&Prime; _builder_version=\u00a0\u00bb4.16&Prime; custom_padding=\u00a0\u00bb|||\u00a0\u00bb global_colors_info=\u00a0\u00bb{}\u00a0\u00bb custom_padding__hover=\u00a0\u00bb|||\u00a0\u00bb][et_pb_text _builder_version=\u00a0\u00bb4.22.2&Prime; _module_preset=\u00a0\u00bbdefault\u00a0\u00bb text_font=\u00a0\u00bbEB Garamond||||||||\u00a0\u00bb text_font_size=\u00a0\u00bb20px\u00a0\u00bb text_line_height=\u00a0\u00bb2em\u00a0\u00bb header_font=\u00a0\u00bbEB Garamond|700|||||||\u00a0\u00bb hover_enabled=\u00a0\u00bb0&Prime; locked=\u00a0\u00bboff\u00a0\u00bb global_colors_info=\u00a0\u00bb{}\u00a0\u00bb sticky_enabled=\u00a0\u00bb0&Prime;]<\/p>\n<p><span><strong>Samedi 2 d\u00e9cembre de 14h \u00e0 22h<\/strong><\/span><\/p>\n<ul>\n<li><span>14h30 :\u00a0Ambiance et floril\u00e8ge de contes de No\u00ebl par les \u00e9tudiants de th\u00e9\u00e2tre de l\u2019Ath\u00e9n\u00e9e Royal de Rixensart\u00a0<\/span><\/li>\n<li><span>16h : Arriv\u00e9e de Saint Nicolas<\/span><\/li>\n<li><span>18h : Floril\u00e8ge et conte de No\u00ebl par les \u00e9tudiants de th\u00e9\u00e2tre l\u2019Ath\u00e9n\u00e9e de Rixensart\u00a0<\/span><\/li>\n<li><span>20h : Concert de No\u00ebl des Jenlisisters \u00e0 l&rsquo;\u00e9glise Sainte Croix (qui jouxte le ch\u00e2teau)<\/span><span><\/span><\/li>\n<\/ul>\n<p>[\/et_pb_text][\/et_pb_column][\/et_pb_row][et_pb_row column_structure=\u00a0\u00bb1_2,1_2&Prime; disabled_on=\u00a0\u00bboff|off|off\u00a0\u00bb _builder_version=\u00a0\u00bb4.16&Prime; custom_padding=\u00a0\u00bb||30px|||\u00a0\u00bb locked=\u00a0\u00bboff\u00a0\u00bb global_colors_info=\u00a0\u00bb{}\u00a0\u00bb][et_pb_column type=\u00a0\u00bb1_2&Prime; _builder_version=\u00a0\u00bb4.16&Prime; custom_padding=\u00a0\u00bb|||\u00a0\u00bb global_colors_info=\u00a0\u00bb{}\u00a0\u00bb custom_padding__hover=\u00a0\u00bb|||\u00a0\u00bb][et_pb_image src=\u00a0\u00bbhttp:\/\/chateauderixensart.be\/wp-content\/uploads\/2023\/11\/517211848b490f87c7b0cfc116d061fd.jpg\u00a0\u00bb title_text=\u00a0\u00bb517211848b490f87c7b0cfc116d061fd\u00a0\u00bb url=\u00a0\u00bbhttps:\/\/www.billetweb.fr\/concert-de-noel-au-chateau-de-rixensart-jenlisisters\u00a0\u00bb _builder_version=\u00a0\u00bb4.22.2&Prime; _module_preset=\u00a0\u00bbdefault\u00a0\u00bb locked=\u00a0\u00bboff\u00a0\u00bb global_colors_info=\u00a0\u00bb{}\u00a0\u00bb][\/et_pb_image][\/et_pb_column][et_pb_column type=\u00a0\u00bb1_2&Prime; _builder_version=\u00a0\u00bb4.16&Prime; _module_preset=\u00a0\u00bbdefault\u00a0\u00bb global_colors_info=\u00a0\u00bb{}\u00a0\u00bb][et_pb_text _builder_version=\u00a0\u00bb4.22.2&Prime; _module_preset=\u00a0\u00bbdefault\u00a0\u00bb text_font=\u00a0\u00bbEB Garamond||||||||\u00a0\u00bb text_text_color=\u00a0\u00bb#000000&Prime; text_font_size=\u00a0\u00bb18px\u00a0\u00bb header_font=\u00a0\u00bbEB Garamond||||||||\u00a0\u00bb header_font_size=\u00a0\u00bb27px\u00a0\u00bb header_3_font=\u00a0\u00bbCormorant Garamond|700|||||||\u00a0\u00bb background_color=\u00a0\u00bb#FFFFFF\u00a0\u00bb custom_padding=\u00a0\u00bb20px|20px|11px|20px|false|false\u00a0\u00bb global_colors_info=\u00a0\u00bb{}\u00a0\u00bb]<\/p>\n<h2><strong>Concert de No\u00ebl au Ch\u00e2teau de Rixensart- JenliSisters<\/strong><\/h2>\n<div>\u00a0<\/div>\n<div>Laissez-vous envo\u00fbter par la magie de No\u00ebl au son de la harpe et du violon. Un concert inoubliable dans le cadre du Weekend Saint-Nicolas du ch\u00e2teau de Rixensart.<\/div>\n<div><\/div>\n<div>Le samedi 2 d\u00e9cembre en l&rsquo;Eglise Sainte-Croix \u00e0 20h aura lieu le concert de No\u00ebl des JenliSisters.<\/div>\n<div>Red\u00e9couvrez les airs traditionnels de No\u00ebl au son de la harpe et du violon:<br \/>Carol of the Bells, Casse Noisette, Have Yourself a Merry Little Christmas, Douce nuit, &#8230; Mais\u00a0aussi des airs traditionnels celtiques, classiques, musiques de film&#8230;<\/div>\n<div><\/div>\n<div>A l&rsquo;issue du concert, vous pourrez prolonger ce moment festif lors de l&rsquo;\u00e9v\u00e8nement Saint Nicolas au Ch\u00e2teau de Rixensart.<\/div>\n<p>[\/et_pb_text][et_pb_button button_url=\u00a0\u00bbhttps:\/\/www.billetweb.fr\/concert-de-noel-au-chateau-de-rixensart-jenlisisters\u00a0\u00bb button_text=\u00a0\u00bbInfos &#038; Billets\u00a0\u00bb button_alignment=\u00a0\u00bbcenter\u00a0\u00bb _builder_version=\u00a0\u00bb4.22.2&Prime; _module_preset=\u00a0\u00bbdefault\u00a0\u00bb custom_button=\u00a0\u00bbon\u00a0\u00bb button_text_color=\u00a0\u00bb#FFFFFF\u00a0\u00bb button_bg_color=\u00a0\u00bb#33680b\u00a0\u00bb button_border_color=\u00a0\u00bbRGBA(255,255,255,0)\u00a0\u00bb button_font=\u00a0\u00bbEB Garamond||||||||\u00a0\u00bb button_icon=\u00a0\u00bb&#xe08e;||divi||400&Prime; button_icon_placement=\u00a0\u00bbleft\u00a0\u00bb button_on_hover=\u00a0\u00bboff\u00a0\u00bb custom_padding=\u00a0\u00bb0px|||||\u00a0\u00bb global_colors_info=\u00a0\u00bb{}\u00a0\u00bb][\/et_pb_button][\/et_pb_column][\/et_pb_row][et_pb_row _builder_version=\u00a0\u00bb4.16&Prime; global_colors_info=\u00a0\u00bb{}\u00a0\u00bb][et_pb_column type=\u00a0\u00bb4_4&Prime; _builder_version=\u00a0\u00bb4.16&Prime; custom_padding=\u00a0\u00bb|||\u00a0\u00bb global_colors_info=\u00a0\u00bb{}\u00a0\u00bb custom_padding__hover=\u00a0\u00bb|||\u00a0\u00bb][et_pb_divider _builder_version=\u00a0\u00bb4.22.2&Prime; _module_preset=\u00a0\u00bbdefault\u00a0\u00bb min_height=\u00a0\u00bb20.8px\u00a0\u00bb hover_enabled=\u00a0\u00bb0&Prime; global_colors_info=\u00a0\u00bb{}\u00a0\u00bb color=\u00a0\u00bb#277013&Prime; sticky_enabled=\u00a0\u00bb0&Prime;][\/et_pb_divider][et_pb_text _builder_version=\u00a0\u00bb4.22.2&Prime; _module_preset=\u00a0\u00bbdefault\u00a0\u00bb text_font=\u00a0\u00bbEB Garamond||||||||\u00a0\u00bb text_font_size=\u00a0\u00bb20px\u00a0\u00bb text_line_height=\u00a0\u00bb2em\u00a0\u00bb header_font=\u00a0\u00bbEB Garamond|700|||||||\u00a0\u00bb hover_enabled=\u00a0\u00bb0&Prime; locked=\u00a0\u00bboff\u00a0\u00bb global_colors_info=\u00a0\u00bb{}\u00a0\u00bb sticky_enabled=\u00a0\u00bb0&Prime;]<\/p>\n<div><span><strong>Dimanche 3 d\u00e9cembre de 14h \u00e0 19h<\/strong><\/span><\/div>\n<ul>\n<li><span>14h30 : Ambiance et floril\u00e8ge de contes de No\u00ebl par les \u00e9tudiants de th\u00e9\u00e2tre de l\u2019Ath\u00e9n\u00e9e Royal de Rixensart\u00a0<\/span><\/li>\n<li><span>15h30 : Arriv\u00e9e de Saint Nicolas<\/span><\/li>\n<li><span>17h30 : Spectacle cin\u00e9-concert \u00ab\u00a0dans la For\u00eat enchant\u00e9e\u00a0\u00bb des Jenlisisters<\/span><\/li>\n<\/ul>\n<p>[\/et_pb_text][\/et_pb_column][\/et_pb_row][et_pb_row column_structure=\u00a0\u00bb1_2,1_2&Prime; disabled_on=\u00a0\u00bboff|off|off\u00a0\u00bb _builder_version=\u00a0\u00bb4.16&Prime; custom_padding=\u00a0\u00bb||30px|||\u00a0\u00bb locked=\u00a0\u00bboff\u00a0\u00bb global_colors_info=\u00a0\u00bb{}\u00a0\u00bb][et_pb_column type=\u00a0\u00bb1_2&Prime; _builder_version=\u00a0\u00bb4.16&Prime; custom_padding=\u00a0\u00bb|||\u00a0\u00bb global_colors_info=\u00a0\u00bb{}\u00a0\u00bb custom_padding__hover=\u00a0\u00bb|||\u00a0\u00bb][et_pb_image src=\u00a0\u00bbhttp:\/\/chateauderixensart.be\/wp-content\/uploads\/2023\/11\/46d832d09735cc411803ce80a4293ec7.jpg\u00a0\u00bb title_text=\u00a0\u00bb46d832d09735cc411803ce80a4293ec7&Prime; url=\u00a0\u00bbhttps:\/\/www.billetweb.fr\/dans-la-foret-enchantee-au-chateau-de-rixensart\u00a0\u00bb _builder_version=\u00a0\u00bb4.22.2&Prime; _module_preset=\u00a0\u00bbdefault\u00a0\u00bb locked=\u00a0\u00bboff\u00a0\u00bb global_colors_info=\u00a0\u00bb{}\u00a0\u00bb][\/et_pb_image][\/et_pb_column][et_pb_column type=\u00a0\u00bb1_2&Prime; _builder_version=\u00a0\u00bb4.16&Prime; _module_preset=\u00a0\u00bbdefault\u00a0\u00bb global_colors_info=\u00a0\u00bb{}\u00a0\u00bb][et_pb_text _builder_version=\u00a0\u00bb4.22.2&Prime; _module_preset=\u00a0\u00bbdefault\u00a0\u00bb text_font=\u00a0\u00bbEB Garamond||||||||\u00a0\u00bb text_text_color=\u00a0\u00bb#000000&Prime; text_font_size=\u00a0\u00bb18px\u00a0\u00bb header_font=\u00a0\u00bbEB Garamond||||||||\u00a0\u00bb header_font_size=\u00a0\u00bb27px\u00a0\u00bb header_3_font=\u00a0\u00bbCormorant Garamond|700|||||||\u00a0\u00bb background_color=\u00a0\u00bb#FFFFFF\u00a0\u00bb custom_padding=\u00a0\u00bb20px|20px|11px|20px|false|false\u00a0\u00bb global_colors_info=\u00a0\u00bb{}\u00a0\u00bb]<\/p>\n<h2 class=\"font_0 wixui-rich-text__text\"><strong>\u00ab\u00a0Dans la For\u00eat enchant\u00e9e\u00a0\u00bb des JenliSisters<\/strong><\/h2>\n<p><strong><\/strong><\/p>\n<p class=\"font_0 wixui-rich-text__text\">D\u00e9couvrez en famille le cin\u00e9-concert des Jenlisisters au Ch\u00e2teau de Rixensart le 3 d\u00e9cembre \u00e0 17h30.<\/p>\n<p>A\u00a0 travers une for\u00eat enchant\u00e9e, les Jenlisisters vous feront voyager dans l&rsquo;univers magique des personnages Disney :<\/p>\n<ul>\n<li>La Reine des Neige<\/li>\n<li class=\"font_0 wixui-rich-text__text\">La Belle et la B\u00eate<\/li>\n<li class=\"font_0 wixui-rich-text__text\">Pocahontas<\/li>\n<li class=\"font_0 wixui-rich-text__text\">Brave&#8230;<\/li>\n<\/ul>\n<p class=\"font_0 wixui-rich-text__text\">Le voyage sera jalonn\u00e9 par leurs propres arrangements de musiques de dessins anim\u00e9s, mais aussi des airs de musiques celtiques, classiques, ainsi que leur propres compositions.<\/p>\n<p>[\/et_pb_text][et_pb_button button_url=\u00a0\u00bbhttps:\/\/www.billetweb.fr\/dans-la-foret-enchantee-au-chateau-de-rixensart\u00a0\u00bb button_text=\u00a0\u00bbInfos &#038; Billets\u00a0\u00bb button_alignment=\u00a0\u00bbcenter\u00a0\u00bb _builder_version=\u00a0\u00bb4.22.2&Prime; _module_preset=\u00a0\u00bbdefault\u00a0\u00bb custom_button=\u00a0\u00bbon\u00a0\u00bb button_text_color=\u00a0\u00bb#FFFFFF\u00a0\u00bb button_bg_color=\u00a0\u00bb#33680b\u00a0\u00bb button_border_color=\u00a0\u00bbRGBA(255,255,255,0)\u00a0\u00bb button_font=\u00a0\u00bbEB Garamond||||||||\u00a0\u00bb button_icon=\u00a0\u00bb&#xe08e;||divi||400&Prime; button_icon_placement=\u00a0\u00bbleft\u00a0\u00bb button_on_hover=\u00a0\u00bboff\u00a0\u00bb custom_padding=\u00a0\u00bb0px|||||\u00a0\u00bb global_colors_info=\u00a0\u00bb{}\u00a0\u00bb][\/et_pb_button][\/et_pb_column][\/et_pb_row][et_pb_row _builder_version=\u00a0\u00bb4.22.2&Prime; _module_preset=\u00a0\u00bbdefault\u00a0\u00bb][et_pb_column _builder_version=\u00a0\u00bb4.22.2&Prime; _module_preset=\u00a0\u00bbdefault\u00a0\u00bb type=\u00a0\u00bb4_4&Prime;][et_pb_divider _builder_version=\u00a0\u00bb4.22.2&Prime; _module_preset=\u00a0\u00bbdefault\u00a0\u00bb hover_enabled=\u00a0\u00bb0&Prime; sticky_enabled=\u00a0\u00bb0&Prime; color=\u00a0\u00bb#277013&Prime;][\/et_pb_divider][\/et_pb_column][\/et_pb_row][et_pb_row _builder_version=\u00a0\u00bb4.22.2&Prime; _module_preset=\u00a0\u00bbdefault\u00a0\u00bb background_color=\u00a0\u00bb#277013&Prime; width=\u00a0\u00bb100%\u00a0\u00bb max_width=\u00a0\u00bb2560px\u00a0\u00bb min_height=\u00a0\u00bb330.4px\u00a0\u00bb custom_padding=\u00a0\u00bb||0px|||\u00a0\u00bb hover_enabled=\u00a0\u00bb0&Prime; locked=\u00a0\u00bboff\u00a0\u00bb global_colors_info=\u00a0\u00bb{}\u00a0\u00bb sticky_enabled=\u00a0\u00bb0&Prime;][et_pb_column type=\u00a0\u00bb4_4&Prime; _builder_version=\u00a0\u00bb4.16&Prime; _module_preset=\u00a0\u00bbdefault\u00a0\u00bb global_colors_info=\u00a0\u00bb{}\u00a0\u00bb][et_pb_divider color=\u00a0\u00bb#FFFFFF\u00a0\u00bb divider_weight=\u00a0\u00bb2px\u00a0\u00bb _builder_version=\u00a0\u00bb4.16&Prime; _module_preset=\u00a0\u00bbdefault\u00a0\u00bb width=\u00a0\u00bb51%\u00a0\u00bb module_alignment=\u00a0\u00bbcenter\u00a0\u00bb custom_margin=\u00a0\u00bb||1px|||\u00a0\u00bb global_colors_info=\u00a0\u00bb{}\u00a0\u00bb][\/et_pb_divider][et_pb_text _builder_version=\u00a0\u00bb4.22.2&Prime; _module_preset=\u00a0\u00bbdefault\u00a0\u00bb text_font=\u00a0\u00bbEB Garamond||||||||\u00a0\u00bb text_font_size=\u00a0\u00bb19px\u00a0\u00bb header_4_font=\u00a0\u00bbEB Garamond|800|||||||\u00a0\u00bb header_4_font_size=\u00a0\u00bb32px\u00a0\u00bb header_4_letter_spacing=\u00a0\u00bb1px\u00a0\u00bb text_orientation=\u00a0\u00bbcenter\u00a0\u00bb hover_enabled=\u00a0\u00bb0&Prime; global_colors_info=\u00a0\u00bb{}\u00a0\u00bb text_text_color=\u00a0\u00bb#FFFFFF\u00a0\u00bb sticky_enabled=\u00a0\u00bb0&Prime; header_4_text_color=\u00a0\u00bb#FFFFFF\u00a0\u00bb]<\/p>\n<h4>Restons en contact<\/h4>\n<p>Abonnez-vous \u00e0 la Newsletter du Ch\u00e2teau de Rixensart pour rester inform\u00e9.e !<\/p>\n<p>[\/et_pb_text][et_pb_contact_form email=\u00a0\u00bbnewsletter@chateauderixensart.be\u00a0\u00bb custom_message=\u00a0\u00bbFormulaire inscription Newsletter.||et_pb_line_break_holder||Pr\u00e9nom de l&rsquo;exp\u00e9diteur : %%Prenom%%||et_pb_line_break_holder||Nom de l&rsquo;exp\u00e9diteur : %%Nom%%||et_pb_line_break_holder||Email de l&rsquo;exp\u00e9diteur : %%mail%%||et_pb_line_break_holder||\u00a0\u00bb success_message=\u00a0\u00bbMerci pour votre inscription ! Nous ne manquerons pas de vous tenir inform\u00e9.e de nos prochains \u00e9v\u00e9nements !\u00a0\u00bb submit_button_text=\u00a0\u00bbEnvoyer\u00a0\u00bb _builder_version=\u00a0\u00bb4.16&Prime; _module_preset=\u00a0\u00bbdefault\u00a0\u00bb _unique_id=\u00a0\u00bbc22bd0ad-707f-4823-9a21-9a93fcb68d88&Prime; title_font=\u00a0\u00bbEB Garamond||||||||\u00a0\u00bb form_field_font=\u00a0\u00bbEB Garamond||||||||\u00a0\u00bb form_field_font_size=\u00a0\u00bb20px\u00a0\u00bb custom_button=\u00a0\u00bbon\u00a0\u00bb button_text_color=\u00a0\u00bb#a0a88a\u00a0\u00bb button_bg_color=\u00a0\u00bb#fefae0&Prime; button_font=\u00a0\u00bbEB Garamond||||||||\u00a0\u00bb width=\u00a0\u00bb60.1%\u00a0\u00bb max_width=\u00a0\u00bb100%\u00a0\u00bb module_alignment=\u00a0\u00bbcenter\u00a0\u00bb custom_margin=\u00a0\u00bb-42px|170px|39px|-49px||\u00a0\u00bb custom_padding=\u00a0\u00bb16px|4px||0px||\u00a0\u00bb global_colors_info=\u00a0\u00bb{}\u00a0\u00bb][et_pb_contact_field field_id=\u00a0\u00bbNom\u00a0\u00bb field_title=\u00a0\u00bbNom\u00a0\u00bb _builder_version=\u00a0\u00bb4.16&Prime; form_field_background_color=\u00a0\u00bb#fefae0&Prime; custom_margin=\u00a0\u00bb||||false|false\u00a0\u00bb border_width_all=\u00a0\u00bb1px\u00a0\u00bb border_color_all=\u00a0\u00bb#e8e2cc\u00a0\u00bb global_colors_info=\u00a0\u00bb{}\u00a0\u00bb button_text_size__hover_enabled=\u00a0\u00bboff\u00a0\u00bb button_one_text_size__hover_enabled=\u00a0\u00bboff\u00a0\u00bb button_two_text_size__hover_enabled=\u00a0\u00bboff\u00a0\u00bb button_text_color__hover_enabled=\u00a0\u00bboff\u00a0\u00bb button_one_text_color__hover_enabled=\u00a0\u00bboff\u00a0\u00bb button_two_text_color__hover_enabled=\u00a0\u00bboff\u00a0\u00bb button_border_width__hover_enabled=\u00a0\u00bboff\u00a0\u00bb button_one_border_width__hover_enabled=\u00a0\u00bboff\u00a0\u00bb button_two_border_width__hover_enabled=\u00a0\u00bboff\u00a0\u00bb button_border_color__hover_enabled=\u00a0\u00bboff\u00a0\u00bb button_one_border_color__hover_enabled=\u00a0\u00bboff\u00a0\u00bb button_two_border_color__hover_enabled=\u00a0\u00bboff\u00a0\u00bb button_border_radius__hover_enabled=\u00a0\u00bboff\u00a0\u00bb button_one_border_radius__hover_enabled=\u00a0\u00bboff\u00a0\u00bb button_two_border_radius__hover_enabled=\u00a0\u00bboff\u00a0\u00bb button_letter_spacing__hover_enabled=\u00a0\u00bboff\u00a0\u00bb button_one_letter_spacing__hover_enabled=\u00a0\u00bboff\u00a0\u00bb button_two_letter_spacing__hover_enabled=\u00a0\u00bboff\u00a0\u00bb button_bg_color__hover_enabled=\u00a0\u00bboff\u00a0\u00bb button_one_bg_color__hover_enabled=\u00a0\u00bboff\u00a0\u00bb button_two_bg_color__hover_enabled=\u00a0\u00bboff\u00a0\u00bb][\/et_pb_contact_field][et_pb_contact_field field_id=\u00a0\u00bbPrenom\u00a0\u00bb field_title=\u00a0\u00bbPr\u00e9nom\u00a0\u00bb _builder_version=\u00a0\u00bb4.16&Prime; form_field_background_color=\u00a0\u00bb#fefae0&Prime; text_orientation=\u00a0\u00bbleft\u00a0\u00bb border_width_all=\u00a0\u00bb1px\u00a0\u00bb border_color_all=\u00a0\u00bb#e8e2cc\u00a0\u00bb global_colors_info=\u00a0\u00bb{}\u00a0\u00bb button_text_size__hover_enabled=\u00a0\u00bboff\u00a0\u00bb button_one_text_size__hover_enabled=\u00a0\u00bboff\u00a0\u00bb button_two_text_size__hover_enabled=\u00a0\u00bboff\u00a0\u00bb button_text_color__hover_enabled=\u00a0\u00bboff\u00a0\u00bb button_one_text_color__hover_enabled=\u00a0\u00bboff\u00a0\u00bb button_two_text_color__hover_enabled=\u00a0\u00bboff\u00a0\u00bb button_border_width__hover_enabled=\u00a0\u00bboff\u00a0\u00bb button_one_border_width__hover_enabled=\u00a0\u00bboff\u00a0\u00bb button_two_border_width__hover_enabled=\u00a0\u00bboff\u00a0\u00bb button_border_color__hover_enabled=\u00a0\u00bboff\u00a0\u00bb button_one_border_color__hover_enabled=\u00a0\u00bboff\u00a0\u00bb button_two_border_color__hover_enabled=\u00a0\u00bboff\u00a0\u00bb button_border_radius__hover_enabled=\u00a0\u00bboff\u00a0\u00bb button_one_border_radius__hover_enabled=\u00a0\u00bboff\u00a0\u00bb button_two_border_radius__hover_enabled=\u00a0\u00bboff\u00a0\u00bb button_letter_spacing__hover_enabled=\u00a0\u00bboff\u00a0\u00bb button_one_letter_spacing__hover_enabled=\u00a0\u00bboff\u00a0\u00bb button_two_letter_spacing__hover_enabled=\u00a0\u00bboff\u00a0\u00bb button_bg_color__hover_enabled=\u00a0\u00bboff\u00a0\u00bb button_one_bg_color__hover_enabled=\u00a0\u00bboff\u00a0\u00bb button_two_bg_color__hover_enabled=\u00a0\u00bboff\u00a0\u00bb][\/et_pb_contact_field][et_pb_contact_field field_id=\u00a0\u00bbEmail\u00a0\u00bb field_title=\u00a0\u00bbAdresse e-mail\u00a0\u00bb field_type=\u00a0\u00bbemail\u00a0\u00bb _builder_version=\u00a0\u00bb4.16&Prime; form_field_background_color=\u00a0\u00bb#fefae0&Prime; custom_margin=\u00a0\u00bb||||false|false\u00a0\u00bb custom_padding=\u00a0\u00bb20px||||false|false\u00a0\u00bb border_width_all=\u00a0\u00bb1px\u00a0\u00bb border_color_all=\u00a0\u00bb#e8e2cc\u00a0\u00bb global_colors_info=\u00a0\u00bb{}\u00a0\u00bb button_text_size__hover_enabled=\u00a0\u00bboff\u00a0\u00bb button_one_text_size__hover_enabled=\u00a0\u00bboff\u00a0\u00bb button_two_text_size__hover_enabled=\u00a0\u00bboff\u00a0\u00bb button_text_color__hover_enabled=\u00a0\u00bboff\u00a0\u00bb button_one_text_color__hover_enabled=\u00a0\u00bboff\u00a0\u00bb button_two_text_color__hover_enabled=\u00a0\u00bboff\u00a0\u00bb button_border_width__hover_enabled=\u00a0\u00bboff\u00a0\u00bb button_one_border_width__hover_enabled=\u00a0\u00bboff\u00a0\u00bb button_two_border_width__hover_enabled=\u00a0\u00bboff\u00a0\u00bb button_border_color__hover_enabled=\u00a0\u00bboff\u00a0\u00bb button_one_border_color__hover_enabled=\u00a0\u00bboff\u00a0\u00bb button_two_border_color__hover_enabled=\u00a0\u00bboff\u00a0\u00bb button_border_radius__hover_enabled=\u00a0\u00bboff\u00a0\u00bb button_one_border_radius__hover_enabled=\u00a0\u00bboff\u00a0\u00bb button_two_border_radius__hover_enabled=\u00a0\u00bboff\u00a0\u00bb button_letter_spacing__hover_enabled=\u00a0\u00bboff\u00a0\u00bb button_one_letter_spacing__hover_enabled=\u00a0\u00bboff\u00a0\u00bb button_two_letter_spacing__hover_enabled=\u00a0\u00bboff\u00a0\u00bb button_bg_color__hover_enabled=\u00a0\u00bboff\u00a0\u00bb button_one_bg_color__hover_enabled=\u00a0\u00bboff\u00a0\u00bb button_two_bg_color__hover_enabled=\u00a0\u00bboff\u00a0\u00bb][\/et_pb_contact_field][\/et_pb_contact_form][\/et_pb_column][\/et_pb_row][\/et_pb_section]<\/p>","protected":false},"excerpt":{"rendered":"<p>Les samedi 2 et dimanche 3 d\u00e9cembre f\u00eatez la Saint-Nicolas au ch\u00e2teau de Rixensart ! Ne ratez pas la pr\u00e9sence du Saint Patron des \u00e9coliers qui viendra accueillir les petits et les grands et recueillir leurs bonnes intentions: distribution de friandises \u00e0 la clef\u00a0! Entr\u00e9e gratuite, tout le monde est bienvenu !Nous avons aussi la [&hellip;]<\/p>","protected":false},"author":1,"featured_media":0,"parent":0,"menu_order":0,"comment_status":"closed","ping_status":"closed","template":"","meta":{"_et_pb_use_builder":"on","_et_pb_old_content":"","_et_gb_content_width":"","footnotes":""},"class_list":["post-2349","page","type-page","status-publish","hentry"],"_links":{"self":[{"href":"https:\/\/chateauderixensart.be\/nl\/wp-json\/wp\/v2\/pages\/2349","targetHints":{"allow":["GET"]}}],"collection":[{"href":"https:\/\/chateauderixensart.be\/nl\/wp-json\/wp\/v2\/pages"}],"about":[{"href":"https:\/\/chateauderixensart.be\/nl\/wp-json\/wp\/v2\/types\/page"}],"author":[{"embeddable":true,"href":"https:\/\/chateauderixensart.be\/nl\/wp-json\/wp\/v2\/users\/1"}],"replies":[{"embeddable":true,"href":"https:\/\/chateauderixensart.be\/nl\/wp-json\/wp\/v2\/comments?post=2349"}],"version-history":[{"count":3,"href":"https:\/\/chateauderixensart.be\/nl\/wp-json\/wp\/v2\/pages\/2349\/revisions"}],"predecessor-version":[{"id":2356,"href":"https:\/\/chateauderixensart.be\/nl\/wp-json\/wp\/v2\/pages\/2349\/revisions\/2356"}],"wp:attachment":[{"href":"https:\/\/chateauderixensart.be\/nl\/wp-json\/wp\/v2\/media?parent=2349"}],"curies":[{"name":"wp","href":"https:\/\/api.w.org\/{rel}","templated":true}]}}